{"id":14131,"date":"2026-04-24T14:47:40","date_gmt":"2026-04-24T12:47:40","guid":{"rendered":"https:\/\/www.courmayeur-montblanc.com\/?post_type=event&#038;p=14131"},"modified":"2026-04-24T14:56:06","modified_gmt":"2026-04-24T12:56:06","slug":"aventure-en-altitude-2026","status":"publish","type":"event","link":"https:\/\/www.courmayeur-montblanc.com\/fr\/\u00e9v\u00e9nements\/aventure-en-altitude-2026\/","title":{"rendered":"AVENTURE EN ALTITUDE 2026"},"content":{"rendered":"<div class=\"wp-block-image\">\n<figure class=\"aligncenter size-large is-resized\"><img loading=\"lazy\" decoding=\"async\" width=\"1024\" height=\"576\" src=\"https:\/\/www.courmayeur-montblanc.com\/app\/uploads\/2026\/04\/home-slider-chetif-ph-lorenzo-belfrond-pano0001-4-pano-2-1024x576.jpg\" alt=\"\" class=\"wp-image-14061\" style=\"width:636px;height:auto\" srcset=\"https:\/\/www.courmayeur-montblanc.com\/app\/uploads\/2026\/04\/home-slider-chetif-ph-lorenzo-belfrond-pano0001-4-pano-2-1024x576.jpg 1024w, https:\/\/www.courmayeur-montblanc.com\/app\/uploads\/2026\/04\/home-slider-chetif-ph-lorenzo-belfrond-pano0001-4-pano-2-300x169.jpg 300w, https:\/\/www.courmayeur-montblanc.com\/app\/uploads\/2026\/04\/home-slider-chetif-ph-lorenzo-belfrond-pano0001-4-pano-2-768x432.jpg 768w, https:\/\/www.courmayeur-montblanc.com\/app\/uploads\/2026\/04\/home-slider-chetif-ph-lorenzo-belfrond-pano0001-4-pano-2-1536x864.jpg 1536w, https:\/\/www.courmayeur-montblanc.com\/app\/uploads\/2026\/04\/home-slider-chetif-ph-lorenzo-belfrond-pano0001-4-pano-2-2048x1152.jpg 2048w\" sizes=\"auto, (max-width: 1024px) 100vw, 1024px\" \/><\/figure><\/div>\n\n\n<div style=\"height:30px\" aria-hidden=\"true\" class=\"wp-block-spacer\"><\/div>\n\n\n\n<h4 class=\"wp-block-heading has-text-align-left\" id=\"block-c0fad7b9-0b99-4951-a106-4cab4920fa53\"><strong>Trekking et via ferrata du Mont Chetif<\/strong><\/h4>\n\n\n\n<figure class=\"wp-block-table is-style-stripes\"><table class=\"has-white-background-color has-background has-fixed-layout\"><tbody><tr><td class=\"has-text-align-left\" data-align=\"left\">Adapt\u00e9 aux adultes et aux familles avec enfants de plus de 10 ans. Les enfants doivent \u00eatre accompagn\u00e9s d&#8217;un adulte.<\/td><\/tr><tr><td class=\"has-text-align-left\" data-align=\"left\"><strong>31 juillet \u2013 7 ao\u00fbt \u2013 14 ao\u00fbt 2026<\/strong><\/td><\/tr><tr><td class=\"has-text-align-left\" data-align=\"left\">Accompagn\u00e9s d\u2019un Guide de Haute Montagne, nous emprunterons la t\u00e9l\u00e9cabine de Val Veny pour monter jusqu\u2019au Pr\u00e9 de Pascal (bar\/services). Depuis le \u00ab Pr\u00e9 \u00bb, nous marcherons sur un sentier facile pendant une dizaine de minutes jusqu\u2019\u00e0 atteindre une section \u00e9quip\u00e9e de barreaux et de c\u00e2bles en acier (dur\u00e9e : 30 minutes). \u00c0 la fin de cette section de via ferrata, nous poursuivrons sur un sentier pendant encore 15 minutes jusqu\u2019\u00e0 une autre section \u00e9quip\u00e9e en descente (15 minutes). L\u2019itin\u00e9raire continue ensuite sur un sentier parfois l\u00e9g\u00e8rement expos\u00e9 jusqu\u2019\u00e0 rejoindre la voie normale et atteindre le sommet du Mont Ch\u00e9tif ainsi que la statue de la Vierge. Unique et incomparable, la vue sur l&#8217;ensemble du massif du Mont Blanc permettra d&#8217;embrasser d&#8217;un seul regard l&#8217;ensemble du massif, du Col de la Seigne, fronti\u00e8re fran\u00e7aise, au Col Ferret, fronti\u00e8re suisse. Le retour se fait par le sentier classique de la voie normale jusqu\u2019\u00e0 Pr\u00e9 de Pascal.<\/td><\/tr><tr><td class=\"has-text-align-left\" data-align=\"left\"><strong>Rendez-vous :<\/strong> 9h30 au d\u00e9part de la t\u00e9l\u00e9cabine de Val Veny<br><strong>Retour :<\/strong> 16h00<br><strong>Niveau :<\/strong> randonneurs exp\u00e9riment\u00e9s (EE)<br><strong>\u00c9quipement :<\/strong> chaussures de montagne et v\u00eatements adapt\u00e9s (coupe-vent, chapeau et lunettes).<br>L\u2019utilisation de b\u00e2tons de randonn\u00e9e, de pr\u00e9f\u00e9rence t\u00e9lescopiques, est conseill\u00e9e.<br>Le d\u00e9jeuner (pique-nique) est \u00e0 la charge des participants.<br><br>Casque et baudrier seront fournis gratuitement par notre organisation.<\/td><\/tr><tr><td class=\"has-text-align-left\" data-align=\"left\">En cas d\u2019annulation pour cause de mauvaises conditions m\u00e9t\u00e9orologiques, l\u2019\u00e9v\u00e9nement sera rembours\u00e9 ou report\u00e9 au dimanche.<\/td><\/tr><tr><td class=\"has-text-align-left\" data-align=\"left\"><strong>PRIX PAR PERSONNE<\/strong> : \u20ac 85,00 (remont\u00e9es m\u00e9caniques incluses)<\/td><\/tr><\/tbody><\/table><\/figure>\n\n\n\n<p class=\"has-text-align-center\"><strong>Nombre limit\u00e9 d&#8217;activit\u00e9s<\/strong><\/p>\n\n\n\n<div class=\"wp-block-buttons ticss-8ae96579 is-content-justification-center is-layout-flex wp-container-core-buttons-is-layout-16018d1d wp-block-buttons-is-layout-flex\">\n<div class=\"wp-block-button\"><a class=\"wp-block-button__link has-black-color has-luminous-vivid-amber-background-color has-text-color has-background wp-element-button\">ACHETEZ VOTRE EXP\u00c9RIENCE DU 27\/06\/26<\/a><\/div>\n<\/div>\n\n\n\n<div style=\"height:30px\" aria-hidden=\"true\" class=\"wp-block-spacer\"><\/div>\n\n\n\n<h3 class=\"wp-block-heading has-text-align-center\"><a href=\"mailto:info@cmbf.it\">info@cmbf.it<\/a> +39 0165846658<\/h3>\n","protected":false},"excerpt":{"rendered":"<p>31 juillet, 7 et 14 ao\u00fbt 2026<\/p>\n","protected":false},"featured_media":14063,"template":"","event_category":[],"class_list":["post-14131","event","type-event","status-publish","has-post-thumbnail","hentry"],"acf":[],"yoast_head":"<!-- This site is optimized with the Yoast SEO plugin v26.2 - https:\/\/yoast.com\/wordpress\/plugins\/seo\/ -->\n<title>AVENTURE EN ALTITUDE 2026 - Courmayeur Mont Blanc Funivie<\/title>\n<meta name=\"robots\" content=\"index, follow, max-snippet:-1, max-image-preview:large, max-video-preview:-1\" \/>\n<link rel=\"canonical\" href=\"https:\/\/www.courmayeur-montblanc.com\/fr\/\u00e9v\u00e9nements\/aventure-en-altitude-2026\/\" \/>\n<meta property=\"og:locale\" content=\"fr_FR\" \/>\n<meta property=\"og:type\" content=\"article\" \/>\n<meta property=\"og:title\" content=\"AVENTURE EN ALTITUDE 2026 - Courmayeur Mont Blanc Funivie\" \/>\n<meta property=\"og:description\" content=\"31 juillet, 7 et 14 ao\u00fbt 2026\" \/>\n<meta property=\"og:url\" content=\"https:\/\/www.courmayeur-montblanc.com\/fr\/\u00e9v\u00e9nements\/aventure-en-altitude-2026\/\" \/>\n<meta property=\"og:site_name\" content=\"Courmayeur Mont Blanc Funivie\" \/>\n<meta property=\"article:publisher\" content=\"https:\/\/www.facebook.com\/funiviecourmayeur\" \/>\n<meta property=\"article:modified_time\" content=\"2026-04-24T12:56:06+00:00\" \/>\n<meta property=\"og:image\" content=\"https:\/\/www.courmayeur-montblanc.com\/app\/uploads\/2026\/04\/home-slider-chetif-ph-lorenzo-belfrond-pano0001-4-pano-2-1024x576.jpg\" \/>\n\t<meta property=\"og:image:width\" content=\"1024\" \/>\n\t<meta property=\"og:image:height\" content=\"576\" \/>\n\t<meta property=\"og:image:type\" content=\"image\/jpeg\" \/>\n<meta name=\"twitter:card\" content=\"summary_large_image\" \/>\n<meta name=\"twitter:site\" content=\"@courmayeurski\" \/>\n<meta name=\"twitter:label1\" content=\"Dur\u00e9e de lecture estim\u00e9e\" \/>\n\t<meta name=\"twitter:data1\" content=\"2 minutes\" \/>\n<script type=\"application\/ld+json\" class=\"yoast-schema-graph\">{\"@context\":\"https:\/\/schema.org\",\"@graph\":[{\"@type\":\"WebPage\",\"@id\":\"https:\/\/www.courmayeur-montblanc.com\/fr\/\u00e9v\u00e9nements\/aventure-en-altitude-2026\/\",\"url\":\"https:\/\/www.courmayeur-montblanc.com\/fr\/\u00e9v\u00e9nements\/aventure-en-altitude-2026\/\",\"name\":\"AVENTURE EN ALTITUDE 2026 - Courmayeur Mont Blanc Funivie\",\"isPartOf\":{\"@id\":\"https:\/\/www.courmayeur-montblanc.com\/fr\/#website\"},\"primaryImageOfPage\":{\"@id\":\"https:\/\/www.courmayeur-montblanc.com\/fr\/\u00e9v\u00e9nements\/aventure-en-altitude-2026\/#primaryimage\"},\"image\":{\"@id\":\"https:\/\/www.courmayeur-montblanc.com\/fr\/\u00e9v\u00e9nements\/aventure-en-altitude-2026\/#primaryimage\"},\"thumbnailUrl\":\"https:\/\/www.courmayeur-montblanc.com\/app\/uploads\/2026\/04\/home-slider-chetif-ph-lorenzo-belfrond-pano0001-4-pano-2.jpg\",\"datePublished\":\"2026-04-24T12:47:40+00:00\",\"dateModified\":\"2026-04-24T12:56:06+00:00\",\"breadcrumb\":{\"@id\":\"https:\/\/www.courmayeur-montblanc.com\/fr\/\u00e9v\u00e9nements\/aventure-en-altitude-2026\/#breadcrumb\"},\"inLanguage\":\"fr-FR\",\"potentialAction\":[{\"@type\":\"ReadAction\",\"target\":[\"https:\/\/www.courmayeur-montblanc.com\/fr\/\u00e9v\u00e9nements\/aventure-en-altitude-2026\/\"]}]},{\"@type\":\"ImageObject\",\"inLanguage\":\"fr-FR\",\"@id\":\"https:\/\/www.courmayeur-montblanc.com\/fr\/\u00e9v\u00e9nements\/aventure-en-altitude-2026\/#primaryimage\",\"url\":\"https:\/\/www.courmayeur-montblanc.com\/app\/uploads\/2026\/04\/home-slider-chetif-ph-lorenzo-belfrond-pano0001-4-pano-2.jpg\",\"contentUrl\":\"https:\/\/www.courmayeur-montblanc.com\/app\/uploads\/2026\/04\/home-slider-chetif-ph-lorenzo-belfrond-pano0001-4-pano-2.jpg\",\"width\":3840,\"height\":2160},{\"@type\":\"BreadcrumbList\",\"@id\":\"https:\/\/www.courmayeur-montblanc.com\/fr\/\u00e9v\u00e9nements\/aventure-en-altitude-2026\/#breadcrumb\",\"itemListElement\":[{\"@type\":\"ListItem\",\"position\":1,\"name\":\"Homepage\",\"item\":\"https:\/\/www.courmayeur-montblanc.com\/fr\/\"},{\"@type\":\"ListItem\",\"position\":2,\"name\":\"\u00c9v\u00e9nements\",\"item\":\"https:\/\/www.courmayeur-montblanc.com\/fr\/\u00e9v\u00e9nements\/\"},{\"@type\":\"ListItem\",\"position\":3,\"name\":\"AVENTURE EN ALTITUDE 2026\"}]},{\"@type\":\"WebSite\",\"@id\":\"https:\/\/www.courmayeur-montblanc.com\/fr\/#website\",\"url\":\"https:\/\/www.courmayeur-montblanc.com\/fr\/\",\"name\":\"Courmayeur Mont Blanc Funivie\",\"description\":\"\",\"publisher\":{\"@id\":\"https:\/\/www.courmayeur-montblanc.com\/fr\/#organization\"},\"potentialAction\":[{\"@type\":\"SearchAction\",\"target\":{\"@type\":\"EntryPoint\",\"urlTemplate\":\"https:\/\/www.courmayeur-montblanc.com\/fr\/?s={search_term_string}\"},\"query-input\":{\"@type\":\"PropertyValueSpecification\",\"valueRequired\":true,\"valueName\":\"search_term_string\"}}],\"inLanguage\":\"fr-FR\"},{\"@type\":\"Organization\",\"@id\":\"https:\/\/www.courmayeur-montblanc.com\/fr\/#organization\",\"name\":\"Courmayeur Mont Blanc Funivie\",\"url\":\"https:\/\/www.courmayeur-montblanc.com\/fr\/\",\"logo\":{\"@type\":\"ImageObject\",\"inLanguage\":\"fr-FR\",\"@id\":\"https:\/\/www.courmayeur-montblanc.com\/fr\/#\/schema\/logo\/image\/\",\"url\":\"https:\/\/www.courmayeur-montblanc.com\/app\/uploads\/2022\/11\/cmbf-logo.png\",\"contentUrl\":\"https:\/\/www.courmayeur-montblanc.com\/app\/uploads\/2022\/11\/cmbf-logo.png\",\"width\":800,\"height\":179,\"caption\":\"Courmayeur Mont Blanc Funivie\"},\"image\":{\"@id\":\"https:\/\/www.courmayeur-montblanc.com\/fr\/#\/schema\/logo\/image\/\"},\"sameAs\":[\"https:\/\/www.facebook.com\/funiviecourmayeur\",\"https:\/\/x.com\/courmayeurski\",\"https:\/\/www.instagram.com\/courmayeur\/\",\"https:\/\/www.youtube.com\/channel\/UCrJ-6g0ooek9MIumfwdKGGw\/featured\"]}]}<\/script>\n<!-- \/ Yoast SEO plugin. -->","yoast_head_json":{"title":"AVENTURE EN ALTITUDE 2026 - Courmayeur Mont Blanc Funivie","robots":{"index":"index","follow":"follow","max-snippet":"max-snippet:-1","max-image-preview":"max-image-preview:large","max-video-preview":"max-video-preview:-1"},"canonical":"https:\/\/www.courmayeur-montblanc.com\/fr\/\u00e9v\u00e9nements\/aventure-en-altitude-2026\/","og_locale":"fr_FR","og_type":"article","og_title":"AVENTURE EN ALTITUDE 2026 - Courmayeur Mont Blanc Funivie","og_description":"31 juillet, 7 et 14 ao\u00fbt 2026","og_url":"https:\/\/www.courmayeur-montblanc.com\/fr\/\u00e9v\u00e9nements\/aventure-en-altitude-2026\/","og_site_name":"Courmayeur Mont Blanc Funivie","article_publisher":"https:\/\/www.facebook.com\/funiviecourmayeur","article_modified_time":"2026-04-24T12:56:06+00:00","og_image":[{"width":1024,"height":576,"url":"https:\/\/www.courmayeur-montblanc.com\/app\/uploads\/2026\/04\/home-slider-chetif-ph-lorenzo-belfrond-pano0001-4-pano-2-1024x576.jpg","type":"image\/jpeg"}],"twitter_card":"summary_large_image","twitter_site":"@courmayeurski","twitter_misc":{"Dur\u00e9e de lecture estim\u00e9e":"2 minutes"},"schema":{"@context":"https:\/\/schema.org","@graph":[{"@type":"WebPage","@id":"https:\/\/www.courmayeur-montblanc.com\/fr\/\u00e9v\u00e9nements\/aventure-en-altitude-2026\/","url":"https:\/\/www.courmayeur-montblanc.com\/fr\/\u00e9v\u00e9nements\/aventure-en-altitude-2026\/","name":"AVENTURE EN ALTITUDE 2026 - Courmayeur Mont Blanc Funivie","isPartOf":{"@id":"https:\/\/www.courmayeur-montblanc.com\/fr\/#website"},"primaryImageOfPage":{"@id":"https:\/\/www.courmayeur-montblanc.com\/fr\/\u00e9v\u00e9nements\/aventure-en-altitude-2026\/#primaryimage"},"image":{"@id":"https:\/\/www.courmayeur-montblanc.com\/fr\/\u00e9v\u00e9nements\/aventure-en-altitude-2026\/#primaryimage"},"thumbnailUrl":"https:\/\/www.courmayeur-montblanc.com\/app\/uploads\/2026\/04\/home-slider-chetif-ph-lorenzo-belfrond-pano0001-4-pano-2.jpg","datePublished":"2026-04-24T12:47:40+00:00","dateModified":"2026-04-24T12:56:06+00:00","breadcrumb":{"@id":"https:\/\/www.courmayeur-montblanc.com\/fr\/\u00e9v\u00e9nements\/aventure-en-altitude-2026\/#breadcrumb"},"inLanguage":"fr-FR","potentialAction":[{"@type":"ReadAction","target":["https:\/\/www.courmayeur-montblanc.com\/fr\/\u00e9v\u00e9nements\/aventure-en-altitude-2026\/"]}]},{"@type":"ImageObject","inLanguage":"fr-FR","@id":"https:\/\/www.courmayeur-montblanc.com\/fr\/\u00e9v\u00e9nements\/aventure-en-altitude-2026\/#primaryimage","url":"https:\/\/www.courmayeur-montblanc.com\/app\/uploads\/2026\/04\/home-slider-chetif-ph-lorenzo-belfrond-pano0001-4-pano-2.jpg","contentUrl":"https:\/\/www.courmayeur-montblanc.com\/app\/uploads\/2026\/04\/home-slider-chetif-ph-lorenzo-belfrond-pano0001-4-pano-2.jpg","width":3840,"height":2160},{"@type":"BreadcrumbList","@id":"https:\/\/www.courmayeur-montblanc.com\/fr\/\u00e9v\u00e9nements\/aventure-en-altitude-2026\/#breadcrumb","itemListElement":[{"@type":"ListItem","position":1,"name":"Homepage","item":"https:\/\/www.courmayeur-montblanc.com\/fr\/"},{"@type":"ListItem","position":2,"name":"\u00c9v\u00e9nements","item":"https:\/\/www.courmayeur-montblanc.com\/fr\/\u00e9v\u00e9nements\/"},{"@type":"ListItem","position":3,"name":"AVENTURE EN ALTITUDE 2026"}]},{"@type":"WebSite","@id":"https:\/\/www.courmayeur-montblanc.com\/fr\/#website","url":"https:\/\/www.courmayeur-montblanc.com\/fr\/","name":"Courmayeur Mont Blanc Funivie","description":"","publisher":{"@id":"https:\/\/www.courmayeur-montblanc.com\/fr\/#organization"},"potentialAction":[{"@type":"SearchAction","target":{"@type":"EntryPoint","urlTemplate":"https:\/\/www.courmayeur-montblanc.com\/fr\/?s={search_term_string}"},"query-input":{"@type":"PropertyValueSpecification","valueRequired":true,"valueName":"search_term_string"}}],"inLanguage":"fr-FR"},{"@type":"Organization","@id":"https:\/\/www.courmayeur-montblanc.com\/fr\/#organization","name":"Courmayeur Mont Blanc Funivie","url":"https:\/\/www.courmayeur-montblanc.com\/fr\/","logo":{"@type":"ImageObject","inLanguage":"fr-FR","@id":"https:\/\/www.courmayeur-montblanc.com\/fr\/#\/schema\/logo\/image\/","url":"https:\/\/www.courmayeur-montblanc.com\/app\/uploads\/2022\/11\/cmbf-logo.png","contentUrl":"https:\/\/www.courmayeur-montblanc.com\/app\/uploads\/2022\/11\/cmbf-logo.png","width":800,"height":179,"caption":"Courmayeur Mont Blanc Funivie"},"image":{"@id":"https:\/\/www.courmayeur-montblanc.com\/fr\/#\/schema\/logo\/image\/"},"sameAs":["https:\/\/www.facebook.com\/funiviecourmayeur","https:\/\/x.com\/courmayeurski","https:\/\/www.instagram.com\/courmayeur\/","https:\/\/www.youtube.com\/channel\/UCrJ-6g0ooek9MIumfwdKGGw\/featured"]}]}},"_links":{"self":[{"href":"https:\/\/www.courmayeur-montblanc.com\/fr\/wp-json\/wp\/v2\/event\/14131","targetHints":{"allow":["GET"]}}],"collection":[{"href":"https:\/\/www.courmayeur-montblanc.com\/fr\/wp-json\/wp\/v2\/event"}],"about":[{"href":"https:\/\/www.courmayeur-montblanc.com\/fr\/wp-json\/wp\/v2\/types\/event"}],"wp:featuredmedia":[{"embeddable":true,"href":"https:\/\/www.courmayeur-montblanc.com\/fr\/wp-json\/wp\/v2\/media\/14063"}],"wp:attachment":[{"href":"https:\/\/www.courmayeur-montblanc.com\/fr\/wp-json\/wp\/v2\/media?parent=14131"}],"wp:term":[{"taxonomy":"event_category","embeddable":true,"href":"https:\/\/www.courmayeur-montblanc.com\/fr\/wp-json\/wp\/v2\/event_category?post=14131"}],"curies":[{"name":"wp","href":"https:\/\/api.w.org\/{rel}","templated":true}]}}